{"id":778,"date":"2024-06-10T11:27:28","date_gmt":"2024-06-10T09:27:28","guid":{"rendered":"https:\/\/www.porcel.legal\/?page_id=778"},"modified":"2024-07-04T13:30:37","modified_gmt":"2024-07-04T11:30:37","slug":"maria-del-carmen","status":"publish","type":"page","link":"https:\/\/porcel.legal\/es\/maria-del-carmen\/","title":{"rendered":"Maria del Carmen"},"content":{"rendered":"\t\t<div data-elementor-type=\"wp-page\" data-elementor-id=\"778\" class=\"elementor elementor-778\" data-elementor-post-type=\"page\">\n\t\t\t\t<div class=\"elementor-element elementor-element-b7df197 e-flex e-con-boxed e-con e-parent\" data-id=\"b7df197\" data-element_type=\"container\" data-e-type=\"container\">\n\t\t\t\t\t<div class=\"e-con-inner\">\n\t\t<div class=\"elementor-element elementor-element-c97464f e-con-full e-flex e-con e-child\" data-id=\"c97464f\" data-element_type=\"container\" data-e-type=\"container\">\n\t\t\t\t<div class=\"elementor-element elementor-element-114bcd3 elementor-widget elementor-widget-image\" data-id=\"114bcd3\" data-element_type=\"widget\" data-e-type=\"widget\" data-settings=\"{&quot;sticky&quot;:&quot;top&quot;,&quot;sticky_on&quot;:[&quot;tablet&quot;],&quot;sticky_offset_tablet&quot;:30,&quot;sticky_parent&quot;:&quot;yes&quot;,&quot;sticky_offset&quot;:0,&quot;sticky_effects_offset&quot;:0,&quot;sticky_anchor_link_offset&quot;:0}\" data-widget_type=\"image.default\">\n\t\t\t\t<div class=\"elementor-widget-container\">\n\t\t\t\t\t\t\t\t\t\t\t\t\t\t\t<img fetchpriority=\"high\" decoding=\"async\" width=\"413\" height=\"575\" src=\"https:\/\/porcel.legal\/wp-content\/uploads\/2024\/06\/maria-del-carmen.jpg\" class=\"attachment-large size-large wp-image-672\" alt=\"\" srcset=\"https:\/\/porcel.legal\/wp-content\/uploads\/2024\/06\/maria-del-carmen.jpg 413w, https:\/\/porcel.legal\/wp-content\/uploads\/2024\/06\/maria-del-carmen-215x300.jpg 215w\" sizes=\"(max-width: 413px) 100vw, 413px\">\t\t\t\t\t\t\t\t\t\t\t\t\t\t\t<\/div>\n\t\t\t\t<\/div>\n\t\t\t\t<\/div>\n\t\t<div class=\"elementor-element elementor-element-f1741ed e-con-full e-flex e-con e-child\" data-id=\"f1741ed\" data-element_type=\"container\" data-e-type=\"container\">\n\t\t\t\t<div class=\"elementor-element elementor-element-7227ec8 elementor-widget elementor-widget-heading\" data-id=\"7227ec8\" data-element_type=\"widget\" data-e-type=\"widget\" data-widget_type=\"heading.default\">\n\t\t\t\t<div class=\"elementor-widget-container\">\n\t\t\t\t\t<div class=\"elementor-heading-title elementor-size-default\">ADMINISTRATIVA JUR\u00cdDICA<\/div>\t\t\t\t<\/div>\n\t\t\t\t<\/div>\n\t\t\t\t<div class=\"elementor-element elementor-element-e6da92c elementor-widget elementor-widget-heading\" data-id=\"e6da92c\" data-element_type=\"widget\" data-e-type=\"widget\" data-widget_type=\"heading.default\">\n\t\t\t\t<div class=\"elementor-widget-container\">\n\t\t\t\t\t<div class=\"elementor-heading-title elementor-size-default\">Maria del Carmen Gonz\u00e1lez<\/div>\t\t\t\t<\/div>\n\t\t\t\t<\/div>\n\t\t\t\t<div class=\"elementor-element elementor-element-a7f98d1 elementor-widget__width-inherit elementor-widget elementor-widget-text-editor\" data-id=\"a7f98d1\" data-element_type=\"widget\" data-e-type=\"widget\" data-widget_type=\"text-editor.default\">\n\t\t\t\t<div class=\"elementor-widget-container\">\n\t\t\t\t\t\t\t\t\t<p>Complet\u00f3 su Ciclo Formativo de Grado Medio (CFPM) en Gesti\u00f3n Administrativa, especializado en el \u00e1mbito jur\u00eddico, en el IES Baix Empord\u00e0, cursando desde 2017 hasta 2020. Durante este per\u00edodo, adquiri\u00f3 habilidades y conocimientos fundamentales para desempe\u00f1arse eficientemente en el entorno administrativo y jur\u00eddico.<\/p><p>En 2020, particip\u00f3 en varios cursos que ampliaron sus competencias profesionales y personales. Realiz\u00f3 un curso de Mindfulness promovido por el Consorcio para la Formaci\u00f3n Continua de Catalu\u00f1a, enfocado en el bienestar y la gesti\u00f3n del estr\u00e9s en el entorno laboral. Tambi\u00e9n complet\u00f3 un curso de Habilidades de Comunicaci\u00f3n, promovido igualmente por el Consorcio para la Formaci\u00f3n Continua de Catalu\u00f1a, donde mejor\u00f3 sus capacidades comunicativas y de interacci\u00f3n profesional.<\/p><p>Ese mismo a\u00f1o, Maria del Carmen se especializ\u00f3 en el Impuesto de No Residentes mediante un curso impartido por el Instituto Europeo de Estudios Empresariales, fortaleciendo su conocimiento en la gesti\u00f3n fiscal internacional.<\/p><p>Adem\u00e1s, ha demostrado su compromiso con el aprendizaje de idiomas y la comunicaci\u00f3n digital. En 2019, complet\u00f3 un curso de Franc\u00e9s A1 en la Universitat Oberta de Catalunya (UOC), y en 2020, alcanz\u00f3 el nivel intermedio B1 en Ingl\u00e9s a trav\u00e9s de la Escuela Oficial de Idiomas (EOI). Tambi\u00e9n se form\u00f3 como Community Manager y Content Manager en Redes Sociales a trav\u00e9s de la plataforma Convierte M\u00e1s en 2020, adquiriendo habilidades esenciales para la gesti\u00f3n y creaci\u00f3n de contenido digital.<\/p>\t\t\t\t\t\t\t\t<\/div>\n\t\t\t\t<\/div>\n\t\t\t\t<\/div>\n\t\t\t\t\t<\/div>\n\t\t\t\t<\/div>\n\t\t<div class=\"elementor-element elementor-element-0290919 e-con-full e-flex e-con e-parent\" data-id=\"0290919\" data-element_type=\"container\" data-e-type=\"container\">\n\t\t\t\t<div class=\"elementor-element elementor-element-7877ea8 elementor-widget elementor-widget-shortcode\" data-id=\"7877ea8\" data-element_type=\"widget\" data-e-type=\"widget\" data-widget_type=\"shortcode.default\">\n\t\t\t\t<div class=\"elementor-widget-container\">\n\t\t\t\t\t\t\t<div class=\"elementor-shortcode\">\t\t<div data-elementor-type=\"section\" data-elementor-id=\"13842\" class=\"elementor elementor-13842 elementor-251 elementor-251\" data-elementor-post-type=\"elementor_library\">\n\t\t\t<div class=\"elementor-element elementor-element-0439a43 e-con-full e-flex e-con e-parent\" data-id=\"0439a43\" data-element_type=\"container\" data-e-type=\"container\" id=\"contacto\" data-settings=\"{&quot;background_background&quot;:&quot;classic&quot;}\">\n\t\t<div class=\"elementor-element elementor-element-9ae7267 e-con-full e-flex e-con e-child\" data-id=\"9ae7267\" data-element_type=\"container\" data-e-type=\"container\" data-settings=\"{&quot;background_background&quot;:&quot;classic&quot;}\">\n\t\t<div class=\"elementor-element elementor-element-7b6d35c e-con-full form-col e-flex e-con e-child\" data-id=\"7b6d35c\" data-element_type=\"container\" data-e-type=\"container\">\n\t\t\t\t<div class=\"elementor-element elementor-element-5e851d5 elementor-widget__width-inherit elementor-widget elementor-widget-heading\" data-id=\"5e851d5\" data-element_type=\"widget\" data-e-type=\"widget\" data-widget_type=\"heading.default\">\n\t\t\t\t<div class=\"elementor-widget-container\">\n\t\t\t\t\t<span class=\"elementor-heading-title elementor-size-default\">P\u00cdDENOS TU CITA PRESENCIAL O VIDEOCITA<\/span>\t\t\t\t<\/div>\n\t\t\t\t<\/div>\n\t\t\t\t<div class=\"elementor-element elementor-element-bfa53ab elementor-widget elementor-widget-heading\" data-id=\"bfa53ab\" data-element_type=\"widget\" data-e-type=\"widget\" data-widget_type=\"heading.default\">\n\t\t\t\t<div class=\"elementor-widget-container\">\n\t\t\t\t\t<div class=\"elementor-heading-title elementor-size-default\">Env\u00edanos tu consulta<\/div>\t\t\t\t<\/div>\n\t\t\t\t<\/div>\n\t\t\t\t<div class=\"elementor-element elementor-element-e745244 elementor-widget elementor-widget-text-editor\" data-id=\"e745244\" data-element_type=\"widget\" data-e-type=\"widget\" data-widget_type=\"text-editor.default\">\n\t\t\t\t<div class=\"elementor-widget-container\">\n\t\t\t\t\t\t\t\t\tSi tienes alguna pregunta, necesitas asesoramiento legal o deseas m\u00e1s informaci\u00f3n sobre nuestros servicios, no dudes en ponerte en contacto con nosotros.\t\t\t\t\t\t\t\t<\/div>\n\t\t\t\t<\/div>\n\t\t\t\t<div class=\"elementor-element elementor-element-46b62a3 elementor-widget elementor-widget-shortcode\" data-id=\"46b62a3\" data-element_type=\"widget\" data-e-type=\"widget\" data-widget_type=\"shortcode.default\">\n\t\t\t\t<div class=\"elementor-widget-container\">\n\t\t\t\t\t\t\t<div class=\"elementor-shortcode\">\n<div class=\"wpcf7 no-js\" id=\"wpcf7-f13902-o1\" lang=\"es-ES\" dir=\"ltr\" data-wpcf7-id=\"13902\">\n<div class=\"screen-reader-response\"><p role=\"status\" aria-live=\"polite\" aria-atomic=\"true\"><\/p> <ul><\/ul><\/div>\n<form action=\"\/es\/wp-json\/wp\/v2\/pages\/778#wpcf7-f13902-o1\" method=\"post\" class=\"wpcf7-form init\" aria-label=\"Formulario de contacto\" novalidate=\"novalidate\" data-status=\"init\">\n<fieldset class=\"hidden-fields-container\"><input type=\"hidden\" name=\"_wpcf7\" value=\"13902\" \/><input type=\"hidden\" name=\"_wpcf7_version\" value=\"6.1.5\" \/><input type=\"hidden\" name=\"_wpcf7_locale\" value=\"es_ES\" \/><input type=\"hidden\" name=\"_wpcf7_unit_tag\" value=\"wpcf7-f13902-o1\" \/><input type=\"hidden\" name=\"_wpcf7_container_post\" value=\"0\" \/><input type=\"hidden\" name=\"_wpcf7_posted_data_hash\" value=\"\" \/>\n<\/fieldset>\n<div class=\"flex_\">\n<label> <span class=\"wpcf7-form-control-wrap\" data-name=\"Nombre\"><input size=\"40\" maxlength=\"400\" class=\"wpcf7-form-control wpcf7-text wpcf7-validates-as-required\" autocomplete=\"name\" aria-required=\"true\" aria-invalid=\"false\" placeholder=\"Nombre\" value=\"\" type=\"text\" name=\"Nombre\" \/><\/span> <\/label>\n\n<label> <span class=\"wpcf7-form-control-wrap\" data-name=\"Telefono\"><input size=\"40\" maxlength=\"400\" class=\"wpcf7-form-control wpcf7-tel wpcf7-validates-as-required wpcf7-text wpcf7-validates-as-tel\" autocomplete=\"phone\" aria-required=\"true\" aria-invalid=\"false\" placeholder=\"Tel\u00e9fono\" value=\"\" type=\"tel\" name=\"Telefono\" \/><\/span> <\/label>\n<\/div>\n<div class=\"flex_\">\n<label> <span class=\"wpcf7-form-control-wrap\" data-name=\"Email\"><input size=\"40\" maxlength=\"400\" class=\"wpcf7-form-control wpcf7-email wpcf7-validates-as-required wpcf7-text wpcf7-validates-as-email\" autocomplete=\"email\" aria-required=\"true\" aria-invalid=\"false\" placeholder=\"Email\" value=\"\" type=\"email\" name=\"Email\" \/><\/span> <\/label>\n\n<label> <span class=\"wpcf7-form-control-wrap\" data-name=\"Localidad\"><input size=\"40\" maxlength=\"400\" class=\"wpcf7-form-control wpcf7-text wpcf7-validates-as-required\" autocomplete=\"localidad\" aria-required=\"true\" aria-invalid=\"false\" placeholder=\"Localidad\" value=\"\" type=\"text\" name=\"Localidad\" \/><\/span> <\/label>\n<\/div>\n<label> <span class=\"wpcf7-form-control-wrap\" data-name=\"Mensaje\"><textarea cols=\"40\" rows=\"10\" maxlength=\"2000\" class=\"wpcf7-form-control wpcf7-textarea\" aria-invalid=\"false\" placeholder=\"Mensaje\" name=\"Mensaje\"><\/textarea><\/span> <\/label>\n\n<span class=\"wpcf7-form-control-wrap\" data-name=\"acceptance-390\"><span class=\"wpcf7-form-control wpcf7-acceptance optional\"><span class=\"wpcf7-list-item\"><label><input type=\"checkbox\" name=\"acceptance-390\" value=\"1\" aria-invalid=\"false\" \/><span class=\"wpcf7-list-item-label\">He le\u00eddo y acepto la <a href=\"#\" target=\"_blank\">Pol\u00edtica de Privacidad <\/a><\/span><\/label><\/span><\/span><\/span>\n\n<input class=\"wpcf7-form-control wpcf7-submit has-spinner\" type=\"submit\" value=\"Enviar\" \/><div class=\"wpcf7-response-output\" aria-hidden=\"true\"><\/div>\n<\/form>\n<\/div>\n<\/div>\n\t\t\t\t\t\t<\/div>\n\t\t\t\t<\/div>\n\t\t\t\t<div class=\"elementor-element elementor-element-0a3e535 elementor-widget elementor-widget-html\" data-id=\"0a3e535\" data-element_type=\"widget\" data-e-type=\"widget\" data-widget_type=\"html.default\">\n\t\t\t\t<div class=\"elementor-widget-container\">\n\t\t\t\t\t<script>document.addEventListener( 'wpcf7mailsent', function( event ) {\r\n    setTimeout( () => {\r\n        location = 'https:\/\/porcel.legal\/gracies\/';\r\n    }, 1600 );\r\n}, false );\r\n<\/script>\t\t\t\t<\/div>\n\t\t\t\t<\/div>\n\t\t\t\t<\/div>\n\t\t\t\t<\/div>\n\t\t<div class=\"elementor-element elementor-element-c781aec e-con-full e-flex e-con e-child\" data-id=\"c781aec\" data-element_type=\"container\" data-e-type=\"container\" data-settings=\"{&quot;background_background&quot;:&quot;classic&quot;}\">\n\t\t\t\t<div class=\"elementor-element elementor-element-219443a elementor-widget elementor-widget-spacer\" data-id=\"219443a\" data-element_type=\"widget\" data-e-type=\"widget\" data-widget_type=\"spacer.default\">\n\t\t\t\t<div class=\"elementor-widget-container\">\n\t\t\t\t\t\t\t<div class=\"elementor-spacer\">\n\t\t\t<div class=\"elementor-spacer-inner\"><\/div>\n\t\t<\/div>\n\t\t\t\t\t\t<\/div>\n\t\t\t\t<\/div>\n\t\t\t\t<\/div>\n\t\t\t\t<\/div>\n\t\t\t\t<\/div>\n\t\t<\/div>\n\t\t\t\t\t\t<\/div>\n\t\t\t\t<\/div>\n\t\t\t\t<\/div>\n\t\t\t\t<\/div>\n\t\t","protected":false},"excerpt":{"rendered":"<p>ADMINISTRATIVA JUR\u00cdDICA Maria del Carmen Gonz\u00e1lez Complet\u00f3 su Ciclo Formativo de Grado Medio (CFPM) en Gesti\u00f3n Administrativa, especializado en el \u00e1mbito jur\u00eddico, en el IES Baix Empord\u00e0, cursando desde 2017 hasta 2020. Durante este per\u00edodo, adquiri\u00f3 habilidades y conocimientos fundamentales para desempe\u00f1arse eficientemente en el entorno administrativo y jur\u00eddico. En 2020, particip\u00f3 en varios cursos &#8230; <a title=\"Maria del Carmen\" class=\"read-more\" href=\"https:\/\/porcel.legal\/es\/maria-del-carmen\/\" aria-label=\"Leer m\u00e1s sobre Maria del Carmen\">Leer m\u00e1s<\/a><\/p>\n","protected":false},"author":1,"featured_media":0,"parent":0,"menu_order":0,"comment_status":"closed","ping_status":"closed","template":"","meta":{"inline_featured_image":false,"footnotes":""},"class_list":["post-778","page","type-page","status-publish"],"_links":{"self":[{"href":"https:\/\/porcel.legal\/es\/wp-json\/wp\/v2\/pages\/778","targetHints":{"allow":["GET"]}}],"collection":[{"href":"https:\/\/porcel.legal\/es\/wp-json\/wp\/v2\/pages"}],"about":[{"href":"https:\/\/porcel.legal\/es\/wp-json\/wp\/v2\/types\/page"}],"author":[{"embeddable":true,"href":"https:\/\/porcel.legal\/es\/wp-json\/wp\/v2\/users\/1"}],"replies":[{"embeddable":true,"href":"https:\/\/porcel.legal\/es\/wp-json\/wp\/v2\/comments?post=778"}],"version-history":[{"count":13,"href":"https:\/\/porcel.legal\/es\/wp-json\/wp\/v2\/pages\/778\/revisions"}],"predecessor-version":[{"id":968,"href":"https:\/\/porcel.legal\/es\/wp-json\/wp\/v2\/pages\/778\/revisions\/968"}],"wp:attachment":[{"href":"https:\/\/porcel.legal\/es\/wp-json\/wp\/v2\/media?parent=778"}],"curies":[{"name":"wp","href":"https:\/\/api.w.org\/{rel}","templated":true}]}}